{"id":8,"date":"2025-03-09T21:01:14","date_gmt":"2025-03-09T21:01:14","guid":{"rendered":"https:\/\/resilience-expo.com\/?page_id=8"},"modified":"2026-08-17T09:44:27","modified_gmt":"2026-08-17T09:44:27","slug":"impressum","status":"publish","type":"page","link":"https:\/\/resilience-expo.com\/home\/impressum\/","title":{"rendered":"Impressum"},"content":{"rendered":"<div class=\"fusion-fullwidth fullwidth-box fusion-builder-row-1 fusion-flex-container has-pattern-background has-mask-background nonhundred-percent-fullwidth non-hundred-percent-height-scrolling\" style=\"--awb-border-radius-top-left:0px;--awb-border-radius-top-right:0px;--awb-border-radius-bottom-right:0px;--awb-border-radius-bottom-left:0px;--awb-flex-wrap:wrap;\" ><div class=\"fusion-builder-row fusion-row fusion-flex-align-items-flex-start fusion-flex-content-wrap\" style=\"max-width:1216.8px;margin-left: calc(-4% \/ 2 );margin-right: calc(-4% \/ 2 );\"><div class=\"fusion-layout-column fusion_builder_column fusion-builder-column-0 fusion_builder_column_1_1 1_1 fusion-flex-column\" style=\"--awb-bg-size:cover;--awb-width-large:100%;--awb-margin-top-large:15px;--awb-spacing-right-large:1.92%;--awb-margin-bottom-large:15px;--awb-spacing-left-large:1.92%;--awb-width-medium:100%;--awb-order-medium:0;--awb-spacing-right-medium:1.92%;--awb-spacing-left-medium:1.92%;--awb-width-small:100%;--awb-order-small:0;--awb-spacing-right-small:1.92%;--awb-spacing-left-small:1.92%;\"><div class=\"fusion-column-wrapper fusion-column-has-shadow fusion-flex-justify-content-flex-start fusion-content-layout-column\"><div class=\"fusion-text fusion-text-1\"><h2><strong>Resilience Expo<\/strong><\/h2>\n<p>Resilience Expo GbR | HRB 4295<br \/>\n<a href=\"http:\/\/www.resilience-expo.com\">www.resilience-expo.com<\/a><br \/>\n<a href=\"mailto:info@resilience-expo.com\" target=\"_blank\" rel=\"noopener\">info@resilience-expo.com<\/a><\/p>\n<p>Postfach 10 11 39<br \/>\nD-40002 D\u00fcsseldorf<\/p>\n<p>VDI-Platz 1<br \/>\nD-40468 D\u00fcsseldorf<\/p>\n<p>Telefon: +49 (0) 211 6214-401<\/p>\n<p><strong>\u00a0<\/strong><\/p>\n<p>Im Auftrag von:<br \/>\n<strong>Ministerium f\u00fcr Umwelt, Naturschutz und<\/strong><strong> Verkehr des Landes Nordrhein-Westfalen (MUNV)<br \/>\n<\/strong>Emilie-Preyer-Platz 1<br \/>\n40479 D\u00fcsseldorf<br \/>\n<a href=\"https:\/\/www.umwelt.nrw.de\/\" target=\"_blank\" rel=\"noopener\">www.umwelt.nrw.de<\/a><br \/>\nE-Mail:\u00a0<a href=\"mailto:poststelle@munv.nrw.de\" target=\"_blank\" rel=\"noopener\">poststelle@munv.nrw.de<\/a><\/p>\n<p>Das Ministerium ist eine oberste Beh\u00f6rde des Landes Nordrhein-Westfalen.<br \/>\nSie wird vertreten durch den Staatssekret\u00e4r Herr Viktor Haase.<br \/>\nUmsatzsteuer-Identifikationsnummer nach \u00a7 27a UstG: DE 306505705<\/p>\n<p><strong>\u00a0<\/strong><\/p>\n<p><strong>Gesellschafter der Resilience Expo GbR:<\/strong><br \/>\n<a href=\"https:\/\/www.vditz.de\/\" target=\"_blank\" rel=\"noopener\">VDI Technologiezentrum GmbH<\/a>, vertretungsberechtigte Gesellschafterin<br \/>\n<a href=\"https:\/\/www.prognos.com\/de\" target=\"_blank\" rel=\"noopener\">Prognos AG<\/a><br \/>\n<a href=\"https:\/\/rebelgroup.com\/de\/\" target=\"_blank\" rel=\"noopener\">Rebel Deutschland GmbH<\/a><br \/>\n<a href=\"https:\/\/climaticon.de\/\" target=\"_blank\" rel=\"noopener\">CLIMATICON GmbH<\/a><\/p>\n<p><strong>\u00a0<\/strong><\/p>\n<p><strong>Website:<\/strong><br \/>\nInhaltlich verantwortlich <strong>gem\u00e4\u00df \u00a7 5 DDG und \u00a7 55 RStV ist <\/strong>Sascha Hermann (Gesch\u00e4ftsf\u00fchrer VDI Technologiezentrum GmbH)<\/p>\n<p>Design, WordPress, Hosting: <strong>CLIMATICON GmbH<\/strong><\/p>\n<p><strong>\u00a0<\/strong><\/p>\n<p><strong>\u00a0<\/strong><\/p>\n<h2><strong>Datenschutz:<\/strong><\/h2>\n<p>Wir respektieren Ihre Privatsph\u00e4re und nehmen das Thema Datenschutz ernst. Bitte lesen Sie auch unsere\u00a0<a href=\"https:\/\/resilience-expo.com\/home\/datenschutz\/\"><strong>Datenschutzrichtlinien<\/strong><\/a>.<\/p>\n<p><strong>\u00a0<\/strong><\/p>\n<p><strong>Rechtliche Hinweise:<\/strong><\/p>\n<p>Das Konsortium zur Durchf\u00fchrung der Resilience Expo stellt sein Internetangebot unter folgenden Nutzungsbedingungen zur Verf\u00fcgung: Das Konsortium ist als Dienstanbieter f\u00fcr die eigenen Inhalte, die es zur Nutzung bereith\u00e4lt, nach den allgemeinen Vorschriften verantwortlich. Eine Gew\u00e4hr f\u00fcr die Richtigkeit und Vollst\u00e4ndigkeit kann nicht \u00fcbernommen werden. Die Haftung f\u00fcr Sch\u00e4den materieller oder ideeller Art, die durch die Nutzung der Inhalte verursacht wurden, ist ausgeschlossen, sofern nicht Vorsatz oder grobe Fahrl\u00e4ssigkeit vorliegt. Soweit ein Text von dritter Seite erstellt ist, wird der jeweilige Verfasser namentlich benannt. In diesen F\u00e4llen ist der Verfasser des jeweiligen Dokuments bzw. sein Auftraggeber f\u00fcr den Inhalt verantwortlich.<\/p>\n<p>Das Konsortium macht sich den Inhalt, der innerhalb seines Angebots per Hyperlinks zug\u00e4nglich gemachten fremden Websites ausdr\u00fccklich nicht zu eigen und kann deshalb f\u00fcr deren inhaltliche Korrektheit, Vollst\u00e4ndigkeit und Verf\u00fcgbarkeit keine Gew\u00e4hr leisten. Das Konsortium hat keinen Einfluss auf die aktuelle und zuk\u00fcnftige Gestaltung und auf Inhalte der gelinkten Seiten.<\/p>\n<\/div><\/div><\/div><\/div><\/div>\n","protected":false},"excerpt":{"rendered":"","protected":false},"author":1,"featured_media":0,"parent":0,"menu_order":0,"comment_status":"closed","ping_status":"closed","template":"","meta":{"_acf_changed":false,"footnotes":""},"class_list":["post-8","page","type-page","status-publish","hentry"],"acf":[],"yoast_head":"<!-- This site is optimized with the Yoast SEO plugin v28.3 - https:\/\/yoast.com\/product\/yoast-seo-wordpress\/ -->\n<title>Impressum - Resilience Expo<\/title>\n<meta name=\"robots\" content=\"index, follow, max-snippet:-1, max-image-preview:large, max-video-preview:-1\" \/>\n<link rel=\"canonical\" href=\"https:\/\/resilience-expo.com\/home\/impressum\/\" \/>\n<meta property=\"og:locale\" content=\"de_DE\" \/>\n<meta property=\"og:type\" content=\"article\" \/>\n<meta property=\"og:title\" content=\"Impressum - Resilience Expo\" \/>\n<meta property=\"og:url\" content=\"https:\/\/resilience-expo.com\/home\/impressum\/\" \/>\n<meta property=\"og:site_name\" content=\"Resilience Expo\" \/>\n<meta property=\"article:modified_time\" content=\"2026-08-17T09:44:27+00:00\" \/>\n<meta name=\"twitter:card\" content=\"summary_large_image\" \/>\n<meta name=\"twitter:label1\" content=\"Gesch\u00e4tzte Lesezeit\" \/>\n\t<meta name=\"twitter:data1\" content=\"2\u00a0Minuten\" \/>\n<script type=\"application\/ld+json\" class=\"yoast-schema-graph\">{\"@context\":\"https:\\\/\\\/schema.org\",\"@graph\":[{\"@type\":\"WebPage\",\"@id\":\"https:\\\/\\\/resilience-expo.com\\\/home\\\/impressum\\\/\",\"url\":\"https:\\\/\\\/resilience-expo.com\\\/home\\\/impressum\\\/\",\"name\":\"Impressum - Resilience Expo\",\"isPartOf\":{\"@id\":\"https:\\\/\\\/resilience-expo.com\\\/home\\\/#website\"},\"datePublished\":\"2025-03-09T21:01:14+00:00\",\"dateModified\":\"2026-08-17T09:44:27+00:00\",\"breadcrumb\":{\"@id\":\"https:\\\/\\\/resilience-expo.com\\\/home\\\/impressum\\\/#breadcrumb\"},\"inLanguage\":\"de\",\"potentialAction\":[{\"@type\":\"ReadAction\",\"target\":[\"https:\\\/\\\/resilience-expo.com\\\/home\\\/impressum\\\/\"]}]},{\"@type\":\"BreadcrumbList\",\"@id\":\"https:\\\/\\\/resilience-expo.com\\\/home\\\/impressum\\\/#breadcrumb\",\"itemListElement\":[{\"@type\":\"ListItem\",\"position\":1,\"name\":\"Startseite\",\"item\":\"https:\\\/\\\/resilience-expo.com\\\/home\\\/\"},{\"@type\":\"ListItem\",\"position\":2,\"name\":\"Impressum\"}]},{\"@type\":\"WebSite\",\"@id\":\"https:\\\/\\\/resilience-expo.com\\\/home\\\/#website\",\"url\":\"https:\\\/\\\/resilience-expo.com\\\/home\\\/\",\"name\":\"Resilience Expo\",\"description\":\"Erleben Sie die Zukunft der Klimaanpassung.\",\"potentialAction\":[{\"@type\":\"SearchAction\",\"target\":{\"@type\":\"EntryPoint\",\"urlTemplate\":\"https:\\\/\\\/resilience-expo.com\\\/home\\\/?s={search_term_string}\"},\"query-input\":{\"@type\":\"PropertyValueSpecification\",\"valueRequired\":true,\"valueName\":\"search_term_string\"}}],\"inLanguage\":\"de\"}]}<\/script>\n<!-- \/ Yoast SEO plugin. -->","yoast_head_json":{"title":"Impressum - Resilience Expo","robots":{"index":"index","follow":"follow","max-snippet":"max-snippet:-1","max-image-preview":"max-image-preview:large","max-video-preview":"max-video-preview:-1"},"canonical":"https:\/\/resilience-expo.com\/home\/impressum\/","og_locale":"de_DE","og_type":"article","og_title":"Impressum - Resilience Expo","og_url":"https:\/\/resilience-expo.com\/home\/impressum\/","og_site_name":"Resilience Expo","article_modified_time":"2026-08-17T09:44:27+00:00","twitter_card":"summary_large_image","twitter_misc":{"Gesch\u00e4tzte Lesezeit":"2\u00a0Minuten"},"schema":{"@context":"https:\/\/schema.org","@graph":[{"@type":"WebPage","@id":"https:\/\/resilience-expo.com\/home\/impressum\/","url":"https:\/\/resilience-expo.com\/home\/impressum\/","name":"Impressum - Resilience Expo","isPartOf":{"@id":"https:\/\/resilience-expo.com\/home\/#website"},"datePublished":"2025-03-09T21:01:14+00:00","dateModified":"2026-08-17T09:44:27+00:00","breadcrumb":{"@id":"https:\/\/resilience-expo.com\/home\/impressum\/#breadcrumb"},"inLanguage":"de","potentialAction":[{"@type":"ReadAction","target":["https:\/\/resilience-expo.com\/home\/impressum\/"]}]},{"@type":"BreadcrumbList","@id":"https:\/\/resilience-expo.com\/home\/impressum\/#breadcrumb","itemListElement":[{"@type":"ListItem","position":1,"name":"Startseite","item":"https:\/\/resilience-expo.com\/home\/"},{"@type":"ListItem","position":2,"name":"Impressum"}]},{"@type":"WebSite","@id":"https:\/\/resilience-expo.com\/home\/#website","url":"https:\/\/resilience-expo.com\/home\/","name":"Resilience Expo","description":"Erleben Sie die Zukunft der Klimaanpassung.","potentialAction":[{"@type":"SearchAction","target":{"@type":"EntryPoint","urlTemplate":"https:\/\/resilience-expo.com\/home\/?s={search_term_string}"},"query-input":{"@type":"PropertyValueSpecification","valueRequired":true,"valueName":"search_term_string"}}],"inLanguage":"de"}]}},"_links":{"self":[{"href":"https:\/\/resilience-expo.com\/home\/wp-json\/wp\/v2\/pages\/8","targetHints":{"allow":["GET"]}}],"collection":[{"href":"https:\/\/resilience-expo.com\/home\/wp-json\/wp\/v2\/pages"}],"about":[{"href":"https:\/\/resilience-expo.com\/home\/wp-json\/wp\/v2\/types\/page"}],"author":[{"embeddable":true,"href":"https:\/\/resilience-expo.com\/home\/wp-json\/wp\/v2\/users\/1"}],"replies":[{"embeddable":true,"href":"https:\/\/resilience-expo.com\/home\/wp-json\/wp\/v2\/comments?post=8"}],"version-history":[{"count":18,"href":"https:\/\/resilience-expo.com\/home\/wp-json\/wp\/v2\/pages\/8\/revisions"}],"predecessor-version":[{"id":5777,"href":"https:\/\/resilience-expo.com\/home\/wp-json\/wp\/v2\/pages\/8\/revisions\/5777"}],"wp:attachment":[{"href":"https:\/\/resilience-expo.com\/home\/wp-json\/wp\/v2\/media?parent=8"}],"curies":[{"name":"wp","href":"https:\/\/api.w.org\/{rel}","templated":true}]}}